{"id":16,"date":"2025-11-11T17:29:53","date_gmt":"2025-11-11T17:29:53","guid":{"rendered":"https:\/\/mccprdc5059.live-website.com\/?page_id=16"},"modified":"2026-01-17T11:23:31","modified_gmt":"2026-01-17T11:23:31","slug":"accueil","status":"publish","type":"page","link":"https:\/\/mccp-rdc.org\/en\/","title":{"rendered":"Accueil"},"content":{"rendered":"<div data-elementor-type=\"wp-page\" data-elementor-id=\"16\" class=\"elementor elementor-16\" data-elementor-post-type=\"page\">\n\t\t\t\t<div class=\"elementor-element elementor-element-355d42e e-con-full e-flex e-con e-parent\" data-id=\"355d42e\" data-element_type=\"container\" data-settings=\"{&quot;background_background&quot;:&quot;classic&quot;}\">\n\t\t<div class=\"elementor-element elementor-element-58bc0f1d e-flex e-con-boxed e-con e-child\" data-id=\"58bc0f1d\" data-element_type=\"container\" data-settings=\"{&quot;background_background&quot;:&quot;slideshow&quot;,&quot;background_slideshow_gallery&quot;:[{&quot;id&quot;:102,&quot;url&quot;:&quot;https:\\\/\\\/mccp-rdc.org\\\/wp-content\\\/uploads\\\/2025\\\/11\\\/flanders-7240626_1920.jpg&quot;},{&quot;id&quot;:489,&quot;url&quot;:&quot;https:\\\/\\\/mccp-rdc.org\\\/wp-content\\\/uploads\\\/2025\\\/11\\\/congo4.jpg&quot;},{&quot;id&quot;:491,&quot;url&quot;:&quot;https:\\\/\\\/mccp-rdc.org\\\/wp-content\\\/uploads\\\/2025\\\/11\\\/congo6.webp&quot;}],&quot;background_slideshow_ken_burns&quot;:&quot;yes&quot;,&quot;background_slideshow_loop&quot;:&quot;yes&quot;,&quot;background_slideshow_slide_duration&quot;:5000,&quot;background_slideshow_slide_transition&quot;:&quot;fade&quot;,&quot;background_slideshow_transition_duration&quot;:500,&quot;background_slideshow_ken_burns_zoom_direction&quot;:&quot;in&quot;}\">\n\t\t\t\t\t<div class=\"e-con-inner\">\n\t\t<div class=\"elementor-element elementor-element-37166829 e-con-full e-flex e-con e-child\" data-id=\"37166829\" data-element_type=\"container\">\n\t\t<div class=\"elementor-element elementor-element-24e45520 e-con-full e-flex elementor-invisible e-con e-child\" data-id=\"24e45520\" data-element_type=\"container\" data-settings=\"{&quot;animation&quot;:&quot;fadeInUp&quot;,&quot;animation_delay&quot;:200}\">\n\t\t\t\t<div class=\"elementor-element elementor-element-41233f87 elementor-widget elementor-widget-heading\" data-id=\"41233f87\" data-element_type=\"widget\" data-widget_type=\"heading.default\">\n\t\t\t\t\t<div class=\"elementor-heading-title elementor-size-default\">Mouvement pour changer la classe politique, reconstruire et d\u00e9mocratiser le Congo<\/div>\t\t\t\t<\/div>\n\t\t\t\t<\/div>\n\t\t\t\t<\/div>\n\t\t<div class=\"elementor-element elementor-element-7271670a e-con-full e-flex e-con e-child\" data-id=\"7271670a\" data-element_type=\"container\">\n\t\t<div class=\"elementor-element elementor-element-50de3951 e-con-full e-flex elementor-invisible e-con e-child\" data-id=\"50de3951\" data-element_type=\"container\" data-settings=\"{&quot;animation&quot;:&quot;fadeInUp&quot;}\">\n\t\t\t\t<div class=\"elementor-element elementor-element-53e26763 elementor-widget__width-inherit elementor-widget elementor-widget-text-editor\" data-id=\"53e26763\" data-element_type=\"widget\" data-widget_type=\"text-editor.default\">\n\t\t\t\t\t\t\t\t\t<p><b>Projet R\u00e9volution D\u00e9mocratique au Congo en 2028+ (Projet RDC 2028+)<\/b><\/p><p><span style=\"font-weight: 400;\">Un mouvement social pour renforcer la conscience et la mobilisation des Congolais au pays et dans <\/span><\/p><p><span style=\"font-weight: 400;\">la diaspora autour des objectifs communs : <\/span><b>changer la classe politique, reconstruire et d\u00e9mocratiser le Congo<\/b><\/p>\t\t\t\t\t\t\t\t<\/div>\n\t\t<div class=\"elementor-element elementor-element-1242cacb e-con-full e-flex e-con e-child\" data-id=\"1242cacb\" data-element_type=\"container\">\n\t\t\t\t<div class=\"elementor-element elementor-element-554d8172 elementor-align-left elementor-widget elementor-widget-elementskit-button\" data-id=\"554d8172\" data-element_type=\"widget\" data-widget_type=\"elementskit-button.default\">\n\t\t\t\t\t<div class=\"ekit-wid-con\" >\t\t<div class=\"ekit-btn-wraper\">\n\t\t\t\t\t\t\t<a href=\"https:\/\/mccp-rdc.org\/en\/contact\/#adherer\" class=\"elementskit-btn  whitespace--normal\" id=\"\">\n\t\t\t\t\tADH\u00c9RER \t\t\t\t<\/a>\n\t\t\t\t\t<\/div>\n        <\/div>\t\t\t\t<\/div>\n\t\t\t\t<div class=\"elementor-element elementor-element-9a176b6 elementor-align-left elementor-widget elementor-widget-elementskit-button\" data-id=\"9a176b6\" data-element_type=\"widget\" data-widget_type=\"elementskit-button.default\">\n\t\t\t\t\t<div class=\"ekit-wid-con\" >\t\t<div class=\"ekit-btn-wraper\">\n\t\t\t\t\t\t\t<a href=\"https:\/\/mccp-rdc.org\/en\/contact\/#soutenir\" class=\"elementskit-btn  whitespace--normal\" id=\"\">\n\t\t\t\t\tSOUTENIR<svg class=\"e-font-icon-svg e-fas-arrow-circle-right\" viewbox=\"0 0 512 512\" xmlns=\"http:\/\/www.w3.org\/2000\/svg\"><path d=\"M256 8c137 0 248 111 248 248S393 504 256 504 8 393 8 256 119 8 256 8zm-28.9 143.6l75.5 72.4H120c-13.3 0-24 10.7-24 24v16c0 13.3 10.7 24 24 24h182.6l-75.5 72.4c-9.7 9.3-9.9 24.8-.4 34.3l11 10.9c9.4 9.4 24.6 9.4 33.9 0L404.3 273c9.4-9.4 9.4-24.6 0-33.9L271.6 106.3c-9.4-9.4-24.6-9.4-33.9 0l-11 10.9c-9.5 9.6-9.3 25.1.4 34.4z\"><\/path><\/svg>\t\t\t\t<\/a>\n\t\t\t\t\t<\/div>\n        <\/div>\t\t\t\t<\/div>\n\t\t\t\t<\/div>\n\t\t\t\t<\/div>\n\t\t\t\t<\/div>\n\t\t\t\t\t<\/div>\n\t\t\t\t<\/div>\n\t\t\t\t<\/div>\n\t\t<div class=\"elementor-element elementor-element-7b9dca10 e-flex e-con-boxed e-con e-parent\" data-id=\"7b9dca10\" data-element_type=\"container\" data-settings=\"{&quot;background_background&quot;:&quot;classic&quot;}\">\n\t\t\t\t\t<div class=\"e-con-inner\">\n\t\t<div class=\"elementor-element elementor-element-ca40e39 e-con-full e-flex e-con e-child\" data-id=\"ca40e39\" data-element_type=\"container\">\n\t\t<div class=\"elementor-element elementor-element-20898ac5 e-con-full e-flex elementor-invisible e-con e-child\" data-id=\"20898ac5\" data-element_type=\"container\" data-settings=\"{&quot;animation&quot;:&quot;fadeInUp&quot;,&quot;animation_delay&quot;:100}\">\n\t\t\t\t<div class=\"elementor-element elementor-element-1d5e5318 elementor-widget elementor-widget-heading\" data-id=\"1d5e5318\" data-element_type=\"widget\" data-widget_type=\"heading.default\">\n\t\t\t\t\t<h2 class=\"elementor-heading-title elementor-size-default\">Nos ambitions<\/h2>\t\t\t\t<\/div>\n\t\t\t\t<div class=\"elementor-element elementor-element-750b360d elementor-widget elementor-widget-text-editor\" data-id=\"750b360d\" data-element_type=\"widget\" data-widget_type=\"text-editor.default\">\n\t\t\t\t\t\t\t\t\tUne force sociale \u00e9mergente pour une nouvelle culture politique, une citoyennet\u00e9 active et un Congo d\u00e9mocratique et d\u00e9velopp\u00e9.\t\t\t\t\t\t\t\t<\/div>\n\t\t\t\t<\/div>\n\t\t\t\t<\/div>\n\t\t<div class=\"elementor-element elementor-element-d4a4b5b e-con-full e-flex e-con e-child\" data-id=\"d4a4b5b\" data-element_type=\"container\">\n\t\t<div class=\"elementor-element elementor-element-7b006d4 e-con-full e-flex e-con e-child\" data-id=\"7b006d4\" data-element_type=\"container\">\n\t\t<div class=\"elementor-element elementor-element-67796b70 e-con-full e-flex elementor-invisible e-con e-child\" data-id=\"67796b70\" data-element_type=\"container\" data-settings=\"{&quot;animation&quot;:&quot;fadeInUp&quot;}\">\n\t\t\t\t<div class=\"elementor-element elementor-element-4000cfca elementor-widget elementor-widget-image\" data-id=\"4000cfca\" data-element_type=\"widget\" data-widget_type=\"image.default\">\n\t\t\t\t\t\t\t\t\t\t\t\t\t\t\t<img fetchpriority=\"high\" decoding=\"async\" width=\"800\" height=\"534\" src=\"https:\/\/mccp-rdc.org\/wp-content\/uploads\/2025\/11\/63857.jpg\" class=\"attachment-large size-large wp-image-340\" alt=\"\" srcset=\"https:\/\/mccp-rdc.org\/wp-content\/uploads\/2025\/11\/63857.jpg 1000w, https:\/\/mccp-rdc.org\/wp-content\/uploads\/2025\/11\/63857-300x200.jpg 300w, https:\/\/mccp-rdc.org\/wp-content\/uploads\/2025\/11\/63857-768x512.jpg 768w\" sizes=\"(max-width: 800px) 100vw, 800px\" \/>\t\t\t\t\t\t\t\t\t\t\t\t\t\t\t<\/div>\n\t\t\t\t<\/div>\n\t\t<div class=\"elementor-element elementor-element-77e89340 e-con-full e-flex elementor-invisible e-con e-child\" data-id=\"77e89340\" data-element_type=\"container\" data-settings=\"{&quot;background_background&quot;:&quot;classic&quot;,&quot;animation&quot;:&quot;fadeInUp&quot;,&quot;animation_delay&quot;:100}\">\n\t\t<div class=\"elementor-element elementor-element-6a620f97 e-con-full e-flex e-con e-child\" data-id=\"6a620f97\" data-element_type=\"container\">\n\t\t<div class=\"elementor-element elementor-element-531363cd e-con-full e-flex e-con e-child\" data-id=\"531363cd\" data-element_type=\"container\">\n\t\t\t\t<div class=\"elementor-element elementor-element-46068be5 elementor-widget elementor-widget-heading\" data-id=\"46068be5\" data-element_type=\"widget\" data-widget_type=\"heading.default\">\n\t\t\t\t\t<h2 class=\"elementor-heading-title elementor-size-default\">01<\/h2>\t\t\t\t<\/div>\n\t\t<div class=\"elementor-element elementor-element-e9b45a9 e-con-full e-flex elementor-invisible e-con e-child\" data-id=\"e9b45a9\" data-element_type=\"container\" data-settings=\"{&quot;animation&quot;:&quot;fadeInUp&quot;}\">\n\t\t\t\t<div class=\"elementor-element elementor-element-542a58c elementor-widget__width-inherit elementor-widget elementor-widget-text-editor\" data-id=\"542a58c\" data-element_type=\"widget\" data-widget_type=\"text-editor.default\">\n\t\t\t\t\t\t\t\t\t<h5>Pr\u00e9parer progressivement la r\u00e9volution d\u00e9mocratique (2026 \u2013 2028+).<\/h5>\t\t\t\t\t\t\t\t<\/div>\n\t\t\t\t<\/div>\n\t\t\t\t<\/div>\n\t\t\t\t<\/div>\n\t\t\t\t<\/div>\n\t\t<div class=\"elementor-element elementor-element-1e37302f e-con-full e-flex elementor-invisible e-con e-child\" data-id=\"1e37302f\" data-element_type=\"container\" data-settings=\"{&quot;animation&quot;:&quot;fadeInUp&quot;,&quot;animation_delay&quot;:200}\">\n\t\t\t\t<div class=\"elementor-element elementor-element-6d75b8c2 elementor-widget elementor-widget-image\" data-id=\"6d75b8c2\" data-element_type=\"widget\" data-widget_type=\"image.default\">\n\t\t\t\t\t\t\t\t\t\t\t\t\t\t\t<img decoding=\"async\" width=\"500\" height=\"375\" src=\"https:\/\/mccp-rdc.org\/wp-content\/uploads\/2025\/11\/congo4.jpg\" class=\"attachment-full size-full wp-image-489\" alt=\"\" srcset=\"https:\/\/mccp-rdc.org\/wp-content\/uploads\/2025\/11\/congo4.jpg 500w, https:\/\/mccp-rdc.org\/wp-content\/uploads\/2025\/11\/congo4-300x225.jpg 300w\" sizes=\"(max-width: 500px) 100vw, 500px\" \/>\t\t\t\t\t\t\t\t\t\t\t\t\t\t\t<\/div>\n\t\t\t\t<\/div>\n\t\t\t\t<\/div>\n\t\t<div class=\"elementor-element elementor-element-50d88377 e-con-full e-flex e-con e-child\" data-id=\"50d88377\" data-element_type=\"container\">\n\t\t<div class=\"elementor-element elementor-element-584f36ba e-con-full e-flex elementor-invisible e-con e-child\" data-id=\"584f36ba\" data-element_type=\"container\" data-settings=\"{&quot;background_background&quot;:&quot;classic&quot;,&quot;animation&quot;:&quot;fadeInUp&quot;}\">\n\t\t<div class=\"elementor-element elementor-element-c96d99b e-con-full e-flex elementor-invisible e-con e-child\" data-id=\"c96d99b\" data-element_type=\"container\" data-settings=\"{&quot;background_background&quot;:&quot;classic&quot;,&quot;animation&quot;:&quot;fadeInUp&quot;,&quot;animation_delay&quot;:100}\">\n\t\t<div class=\"elementor-element elementor-element-55af39d e-con-full e-flex e-con e-child\" data-id=\"55af39d\" data-element_type=\"container\">\n\t\t<div class=\"elementor-element elementor-element-8ac6642 e-con-full e-flex e-con e-child\" data-id=\"8ac6642\" data-element_type=\"container\">\n\t\t\t\t<div class=\"elementor-element elementor-element-9d1af28 elementor-widget elementor-widget-heading\" data-id=\"9d1af28\" data-element_type=\"widget\" data-widget_type=\"heading.default\">\n\t\t\t\t\t<h2 class=\"elementor-heading-title elementor-size-default\">02<\/h2>\t\t\t\t<\/div>\n\t\t<div class=\"elementor-element elementor-element-db79919 e-con-full e-flex elementor-invisible e-con e-child\" data-id=\"db79919\" data-element_type=\"container\" data-settings=\"{&quot;animation&quot;:&quot;fadeInUp&quot;}\">\n\t\t\t\t<div class=\"elementor-element elementor-element-07c5788 elementor-widget__width-inherit elementor-widget elementor-widget-text-editor\" data-id=\"07c5788\" data-element_type=\"widget\" data-widget_type=\"text-editor.default\">\n\t\t\t\t\t\t\t\t\t<h5>Concr\u00e9tiser le changement de la classe politique \u00e0 travers les \u00e9lections de 2028+.<\/h5>\t\t\t\t\t\t\t\t<\/div>\n\t\t\t\t<\/div>\n\t\t\t\t<\/div>\n\t\t\t\t<\/div>\n\t\t\t\t<\/div>\n\t\t\t\t<\/div>\n\t\t<div class=\"elementor-element elementor-element-69a7405 e-con-full e-flex elementor-invisible e-con e-child\" data-id=\"69a7405\" data-element_type=\"container\" data-settings=\"{&quot;background_background&quot;:&quot;classic&quot;,&quot;animation&quot;:&quot;fadeInUp&quot;,&quot;animation_delay&quot;:100}\">\n\t\t\t\t<div class=\"elementor-element elementor-element-47250181 elementor-widget elementor-widget-image\" data-id=\"47250181\" data-element_type=\"widget\" data-widget_type=\"image.default\">\n\t\t\t\t\t\t\t\t\t\t\t\t\t\t\t<img decoding=\"async\" src=\"https:\/\/mccp-rdc.org\/wp-content\/uploads\/elementor\/thumbs\/2149061090-repqxfnqfk0wr8wwny1aysaatfij2ypie811sskd4s.jpg\" title=\"2149061090\" alt=\"2149061090\" loading=\"lazy\" \/>\t\t\t\t\t\t\t\t\t\t\t\t\t\t\t<\/div>\n\t\t\t\t<\/div>\n\t\t<div class=\"elementor-element elementor-element-36b56530 e-con-full e-flex elementor-invisible e-con e-child\" data-id=\"36b56530\" data-element_type=\"container\" data-settings=\"{&quot;background_background&quot;:&quot;classic&quot;,&quot;animation&quot;:&quot;fadeInUp&quot;,&quot;animation_delay&quot;:200}\">\n\t\t<div class=\"elementor-element elementor-element-dd488e3 e-con-full e-flex elementor-invisible e-con e-child\" data-id=\"dd488e3\" data-element_type=\"container\" data-settings=\"{&quot;background_background&quot;:&quot;classic&quot;,&quot;animation&quot;:&quot;fadeInUp&quot;,&quot;animation_delay&quot;:100}\">\n\t\t<div class=\"elementor-element elementor-element-51906c0 e-con-full e-flex e-con e-child\" data-id=\"51906c0\" data-element_type=\"container\">\n\t\t<div class=\"elementor-element elementor-element-82ead41 e-con-full e-flex e-con e-child\" data-id=\"82ead41\" data-element_type=\"container\">\n\t\t\t\t<div class=\"elementor-element elementor-element-76c0e54 elementor-widget elementor-widget-heading\" data-id=\"76c0e54\" data-element_type=\"widget\" data-widget_type=\"heading.default\">\n\t\t\t\t\t<h2 class=\"elementor-heading-title elementor-size-default\">03<\/h2>\t\t\t\t<\/div>\n\t\t<div class=\"elementor-element elementor-element-b51d448 e-con-full e-flex elementor-invisible e-con e-child\" data-id=\"b51d448\" data-element_type=\"container\" data-settings=\"{&quot;animation&quot;:&quot;fadeInUp&quot;}\">\n\t\t\t\t<div class=\"elementor-element elementor-element-57da912 elementor-widget__width-inherit elementor-widget elementor-widget-text-editor\" data-id=\"57da912\" data-element_type=\"widget\" data-widget_type=\"text-editor.default\">\n\t\t\t\t\t\t\t\t\t<h5><strong>Contraindre les \u00e9lus de 2028+ \u00e0 la performance et \u00e0 la reddition des comptes<\/strong><\/h5>\t\t\t\t\t\t\t\t<\/div>\n\t\t\t\t<\/div>\n\t\t\t\t<\/div>\n\t\t\t\t<\/div>\n\t\t\t\t<\/div>\n\t\t\t\t<\/div>\n\t\t\t\t<\/div>\n\t\t\t\t<\/div>\n\t\t\t\t\t<\/div>\n\t\t\t\t<\/div>\n\t\t<div class=\"elementor-element elementor-element-488be4bb e-flex e-con-boxed e-con e-parent\" data-id=\"488be4bb\" data-element_type=\"container\" data-settings=\"{&quot;background_background&quot;:&quot;classic&quot;}\">\n\t\t\t\t\t<div class=\"e-con-inner\">\n\t\t<div class=\"elementor-element elementor-element-334cdd8d e-con-full e-flex e-con e-child\" data-id=\"334cdd8d\" data-element_type=\"container\">\n\t\t<div class=\"elementor-element elementor-element-5b65ad52 e-con-full e-flex e-con e-child\" data-id=\"5b65ad52\" data-element_type=\"container\">\n\t\t<div class=\"elementor-element elementor-element-2128929f e-con-full e-flex elementor-invisible e-con e-child\" data-id=\"2128929f\" data-element_type=\"container\" data-settings=\"{&quot;animation&quot;:&quot;fadeInUp&quot;}\">\n\t\t\t\t<div class=\"elementor-element elementor-element-76cb260e elementor-widget elementor-widget-heading\" data-id=\"76cb260e\" data-element_type=\"widget\" data-widget_type=\"heading.default\">\n\t\t\t\t\t<div class=\"elementor-heading-title elementor-size-default\">Projet R\u00e9volution D\u00e9mocratique au Congo en 2028+ <br>(Projet RDC 2028+)\n<\/div>\t\t\t\t<\/div>\n\t\t<div class=\"elementor-element elementor-element-3444904 e-con-full e-flex e-con e-child\" data-id=\"3444904\" data-element_type=\"container\">\n\t\t<div class=\"elementor-element elementor-element-df9e1bf e-con-full e-flex elementor-invisible e-con e-child\" data-id=\"df9e1bf\" data-element_type=\"container\" data-settings=\"{&quot;background_background&quot;:&quot;classic&quot;,&quot;animation&quot;:&quot;fadeInUp&quot;}\">\n\t\t\t\t<div class=\"elementor-element elementor-element-f2628e3 elementor-widget elementor-widget-heading\" data-id=\"f2628e3\" data-element_type=\"widget\" data-widget_type=\"heading.default\">\n\t\t\t\t\t<h2 class=\"elementor-heading-title elementor-size-default\">\u00ab Refonder ensemble la d\u00e9mocratie, pour un \u00c9tat r\u00e9form\u00e9 et r\u00e9formateur. \u00bb\n<\/h2>\t\t\t\t<\/div>\n\t\t\t\t<div class=\"elementor-element elementor-element-506e8d1 elementor-align-center elementor-widget elementor-widget-elementskit-button\" data-id=\"506e8d1\" data-element_type=\"widget\" data-widget_type=\"elementskit-button.default\">\n\t\t\t\t\t<div class=\"ekit-wid-con\" >\t\t<div class=\"ekit-btn-wraper\">\n\t\t\t\t\t\t\t<a href=\"https:\/\/mccp-rdc.org\/wp-content\/uploads\/2026\/01\/brochure-1-fr-.pdf\" target=\"_blank\" class=\"elementskit-btn  whitespace--normal\" id=\"\">\n\t\t\t\t\tTelecharger<svg class=\"e-font-icon-svg e-fas-arrow-circle-right\" viewbox=\"0 0 512 512\" xmlns=\"http:\/\/www.w3.org\/2000\/svg\"><path d=\"M256 8c137 0 248 111 248 248S393 504 256 504 8 393 8 256 119 8 256 8zm-28.9 143.6l75.5 72.4H120c-13.3 0-24 10.7-24 24v16c0 13.3 10.7 24 24 24h182.6l-75.5 72.4c-9.7 9.3-9.9 24.8-.4 34.3l11 10.9c9.4 9.4 24.6 9.4 33.9 0L404.3 273c9.4-9.4 9.4-24.6 0-33.9L271.6 106.3c-9.4-9.4-24.6-9.4-33.9 0l-11 10.9c-9.5 9.6-9.3 25.1.4 34.4z\"><\/path><\/svg>\t\t\t\t<\/a>\n\t\t\t\t\t<\/div>\n        <\/div>\t\t\t\t<\/div>\n\t\t\t\t<\/div>\n\t\t<div class=\"elementor-element elementor-element-1f01e99 e-con-full e-flex elementor-invisible e-con e-child\" data-id=\"1f01e99\" data-element_type=\"container\" data-settings=\"{&quot;background_background&quot;:&quot;classic&quot;,&quot;animation&quot;:&quot;fadeInUp&quot;}\">\n\t\t\t\t<div class=\"elementor-element elementor-element-d9bcad4 elementor-widget elementor-widget-heading\" data-id=\"d9bcad4\" data-element_type=\"widget\" data-widget_type=\"heading.default\">\n\t\t\t\t\t<h2 class=\"elementor-heading-title elementor-size-default\">\u00ab La voix citoyenne pour contraindre les gouvernants \u00e0 la performance. \u00bb\n<\/h2>\t\t\t\t<\/div>\n\t\t\t\t<div class=\"elementor-element elementor-element-638b366 elementor-align-center elementor-widget elementor-widget-elementskit-button\" data-id=\"638b366\" data-element_type=\"widget\" data-widget_type=\"elementskit-button.default\">\n\t\t\t\t\t<div class=\"ekit-wid-con\" >\t\t<div class=\"ekit-btn-wraper\">\n\t\t\t\t\t\t\t<a href=\"https:\/\/mccp-rdc.org\/wp-content\/uploads\/2026\/01\/brochure-1-en.pdf\" target=\"_blank\" class=\"elementskit-btn  whitespace--normal\" id=\"\">\n\t\t\t\t\tDownload<svg class=\"e-font-icon-svg e-fas-arrow-circle-right\" viewbox=\"0 0 512 512\" xmlns=\"http:\/\/www.w3.org\/2000\/svg\"><path d=\"M256 8c137 0 248 111 248 248S393 504 256 504 8 393 8 256 119 8 256 8zm-28.9 143.6l75.5 72.4H120c-13.3 0-24 10.7-24 24v16c0 13.3 10.7 24 24 24h182.6l-75.5 72.4c-9.7 9.3-9.9 24.8-.4 34.3l11 10.9c9.4 9.4 24.6 9.4 33.9 0L404.3 273c9.4-9.4 9.4-24.6 0-33.9L271.6 106.3c-9.4-9.4-24.6-9.4-33.9 0l-11 10.9c-9.5 9.6-9.3 25.1.4 34.4z\"><\/path><\/svg>\t\t\t\t<\/a>\n\t\t\t\t\t<\/div>\n        <\/div>\t\t\t\t<\/div>\n\t\t\t\t<\/div>\n\t\t\t\t<\/div>\n\t\t\t\t<\/div>\n\t\t\t\t<\/div>\n\t\t<div class=\"elementor-element elementor-element-55d321dd e-con-full e-flex elementor-invisible e-con e-child\" data-id=\"55d321dd\" data-element_type=\"container\" data-settings=\"{&quot;animation&quot;:&quot;fadeInUp&quot;}\">\n\t\t\t\t<div class=\"elementor-element elementor-element-7ae6b4a1 elementor-widget elementor-widget-text-editor\" data-id=\"7ae6b4a1\" data-element_type=\"widget\" data-widget_type=\"text-editor.default\">\n\t\t\t\t\t\t\t\t\t<p><strong>Le MCCP-RDC trouve son origine dans le Projet d\u2019Appui \u00e0 la R\u00e9ing\u00e9nierie de la Nation Congolaise (PARNaC), mis en \u0153uvre par le CARSOC depuis 2024.<\/strong><\/p><p><strong>Ce projet comprend quatre grands programmes, dont le Programme Permanent d\u2019Appui au D\u00e9veloppement de la Soci\u00e9t\u00e9 Civile Congolaise (PADSOC).<\/strong><\/p><p><strong>C\u2019est dans ce cadre du PADSOC qu\u2019est n\u00e9, en ao\u00fbt 2025, le Projet RDC 2028+, qui promeut le MCCP-RDC comme instrument strat\u00e9gique d\u2019\u00e9ducation citoyenne, de mobilisation et d\u2019action collective.<\/strong><\/p><p><span style=\"font-weight: 400;\">Pour raison de gouvernance inclusive et participative, le Projet RDC 2028+ est administr\u00e9 par un consortium d\u2019organisations et personnalit\u00e9s de la soci\u00e9t\u00e9 civile congolaise, op\u00e9rant au pays ou dans la diaspora, d\u00e9nomm\u00e9 \u00ab Consortium RDC 2028+ \u00bb ou \u00ab Consortium pour la R\u00e9volution D\u00e9mocratique au Congo en 2028+ \u00bb.<\/span><\/p>\t\t\t\t\t\t\t\t<\/div>\n\t\t\t\t<div class=\"elementor-element elementor-element-32425965 elementor-invisible elementor-widget elementor-widget-image\" data-id=\"32425965\" data-element_type=\"widget\" data-settings=\"{&quot;_animation&quot;:&quot;fadeInUp&quot;,&quot;_animation_delay&quot;:100}\" data-widget_type=\"image.default\">\n\t\t\t\t\t\t\t\t\t\t\t\t\t\t\t<img decoding=\"async\" width=\"640\" height=\"360\" src=\"https:\/\/mccp-rdc.org\/wp-content\/uploads\/2025\/11\/congo1.webp\" class=\"attachment-large size-large wp-image-486\" alt=\"\" srcset=\"https:\/\/mccp-rdc.org\/wp-content\/uploads\/2025\/11\/congo1.webp 640w, https:\/\/mccp-rdc.org\/wp-content\/uploads\/2025\/11\/congo1-300x169.webp 300w\" sizes=\"(max-width: 640px) 100vw, 640px\" \/>\t\t\t\t\t\t\t\t\t\t\t\t\t\t\t<\/div>\n\t\t\t\t<\/div>\n\t\t\t\t<\/div>\n\t\t\t\t\t<\/div>\n\t\t\t\t<\/div>\n\t\t<div class=\"elementor-element elementor-element-41dea23f e-flex e-con-boxed e-con e-parent\" data-id=\"41dea23f\" data-element_type=\"container\" data-settings=\"{&quot;background_background&quot;:&quot;classic&quot;}\">\n\t\t\t\t\t<div class=\"e-con-inner\">\n\t\t<div class=\"elementor-element elementor-element-5f9b91fa e-con-full e-flex elementor-invisible e-con e-child\" data-id=\"5f9b91fa\" data-element_type=\"container\" data-settings=\"{&quot;animation&quot;:&quot;fadeIn&quot;}\">\n\t\t<div class=\"elementor-element elementor-element-3090a1a e-con-full e-flex e-con e-child\" data-id=\"3090a1a\" data-element_type=\"container\">\n\t\t\t\t<div class=\"elementor-element elementor-element-798955f elementor-widget elementor-widget-heading\" data-id=\"798955f\" data-element_type=\"widget\" data-widget_type=\"heading.default\">\n\t\t\t\t\t<h2 class=\"elementor-heading-title elementor-size-default\">Pourquoi un Mouvement pour Changer la Classe Politique ?<\/h2>\t\t\t\t<\/div>\n\t\t\t\t<div class=\"elementor-element elementor-element-cf3dd9d elementor-widget elementor-widget-text-editor\" data-id=\"cf3dd9d\" data-element_type=\"widget\" data-widget_type=\"text-editor.default\">\n\t\t\t\t\t\t\t\t\t<p><span style=\"font-weight: 400;\">Le peuple congolais est victime de sa classe politique en qu\u00eate permanente de l\u2019opulence lorsqu\u2019elle arrive au pouvoir et de la conservation sans m\u00e9rite de celui-ci. La soci\u00e9t\u00e9 civile congolaise est aujourd\u2019hui contrainte de se d\u00e9fendre et de d\u00e9fendre la Nation contre cette classe politique actuelle, celle au pouvoir comme celle dans l\u2019opposition.<\/span><\/p><p><span style=\"font-weight: 400;\">Pour autant,<\/span><span style=\"font-weight: 400;\"> la soci\u00e9t\u00e9 civile congolaise souffre d\u2019une faible capacit\u00e9 de mobilisation pour d\u00e9fendre l\u2019int\u00e9r\u00eat g\u00e9n\u00e9ral<\/span><\/p><p><span style=\"font-weight: 400;\">De m\u00eame,<\/span><span style=\"font-weight: 400;\"> les acteurs politiques <\/span><span style=\"font-weight: 400;\">de l\u2019opposition discr\u00e9dit\u00e9s sont devenus incapables de <\/span><span style=\"font-weight: 400;\">mobiliser le peuple congolais pour <\/span><span style=\"font-weight: 400;\">obtenir des changements d\u2019int\u00e9r\u00eat g\u00e9n\u00e9ral<\/span><span style=\"font-weight: 400;\">.<\/span><\/p><p>Le MCCP-RDC \u00e9merge comme la r\u00e9ponse citoyenne \u00e0 ce d\u00e9ficit de leadership et d\u2019organisation.<\/p><p>En s\u2019appuyant sur l\u2019intelligence strat\u00e9gique et les bonnes pratiques observ\u00e9es ailleurs, le mouvement vise \u00e0 reconstruire la capacit\u00e9 de mobilisation du peuple congolais et \u00e0 lui redonner son pouvoir de transformation politique, sans d\u00e9pendre des partis.<\/p>\t\t\t\t\t\t\t\t<\/div>\n\t\t\t\t<div class=\"elementor-element elementor-element-a0689f7 elementor-align-left elementor-widget elementor-widget-elementskit-button\" data-id=\"a0689f7\" data-element_type=\"widget\" data-widget_type=\"elementskit-button.default\">\n\t\t\t\t\t<div class=\"ekit-wid-con\" >\t\t<div class=\"ekit-btn-wraper\">\n\t\t\t\t\t\t\t<a href=\"https:\/\/mccp-rdc.org\/en\/a-propos\/\" class=\"elementskit-btn  whitespace--normal\" id=\"\">\n\t\t\t\t\tEn savoir plus\t\t\t\t<\/a>\n\t\t\t\t\t<\/div>\n        <\/div>\t\t\t\t<\/div>\n\t\t\t\t<\/div>\n\t\t<div class=\"elementor-element elementor-element-50083c7 e-con-full e-flex e-con e-child\" data-id=\"50083c7\" data-element_type=\"container\">\n\t\t\t\t<div class=\"elementor-element elementor-element-e978ab8 elementor-widget elementor-widget-image\" data-id=\"e978ab8\" data-element_type=\"widget\" data-widget_type=\"image.default\">\n\t\t\t\t\t\t\t\t\t\t\t\t\t\t\t<img loading=\"lazy\" decoding=\"async\" width=\"700\" height=\"394\" src=\"https:\/\/mccp-rdc.org\/wp-content\/uploads\/2025\/11\/congo3.webp\" class=\"attachment-large size-large wp-image-488\" alt=\"\" srcset=\"https:\/\/mccp-rdc.org\/wp-content\/uploads\/2025\/11\/congo3.webp 700w, https:\/\/mccp-rdc.org\/wp-content\/uploads\/2025\/11\/congo3-300x169.webp 300w\" sizes=\"(max-width: 700px) 100vw, 700px\" \/>\t\t\t\t\t\t\t\t\t\t\t\t\t\t\t<\/div>\n\t\t\t\t<\/div>\n\t\t\t\t<\/div>\n\t\t\t\t\t<\/div>\n\t\t\t\t<\/div>\n\t\t<div class=\"elementor-element elementor-element-5e05a02 e-flex e-con-boxed e-con e-parent\" data-id=\"5e05a02\" data-element_type=\"container\" data-settings=\"{&quot;background_background&quot;:&quot;classic&quot;}\">\n\t\t\t\t\t<div class=\"e-con-inner\">\n\t\t<div class=\"elementor-element elementor-element-3513b2cf e-con-full e-flex e-con e-child\" data-id=\"3513b2cf\" data-element_type=\"container\">\n\t\t<div class=\"elementor-element elementor-element-881c956 e-con-full e-flex e-con e-child\" data-id=\"881c956\" data-element_type=\"container\">\n\t\t<div class=\"elementor-element elementor-element-c407851 e-con-full e-flex e-con e-child\" data-id=\"c407851\" data-element_type=\"container\">\n\t\t\t\t<div class=\"elementor-element elementor-element-f71f3a9 elementor-widget elementor-widget-image\" data-id=\"f71f3a9\" data-element_type=\"widget\" data-widget_type=\"image.default\">\n\t\t\t\t\t\t\t\t\t\t\t\t\t\t\t<img loading=\"lazy\" decoding=\"async\" width=\"500\" height=\"375\" src=\"https:\/\/mccp-rdc.org\/wp-content\/uploads\/2025\/11\/congo4.jpg\" class=\"attachment-large size-large wp-image-489\" alt=\"\" srcset=\"https:\/\/mccp-rdc.org\/wp-content\/uploads\/2025\/11\/congo4.jpg 500w, https:\/\/mccp-rdc.org\/wp-content\/uploads\/2025\/11\/congo4-300x225.jpg 300w\" sizes=\"(max-width: 500px) 100vw, 500px\" \/>\t\t\t\t\t\t\t\t\t\t\t\t\t\t\t<\/div>\n\t\t\t\t<\/div>\n\t\t<div class=\"elementor-element elementor-element-2839479 e-con-full e-flex e-con e-child\" data-id=\"2839479\" data-element_type=\"container\">\n\t\t\t\t<div class=\"elementor-element elementor-element-bb2c193 elementor-widget elementor-widget-heading\" data-id=\"bb2c193\" data-element_type=\"widget\" data-widget_type=\"heading.default\">\n\t\t\t\t\t<h2 class=\"elementor-heading-title elementor-size-default\">Une structure citoyenne, d\u00e9centralis\u00e9e et dynamique<\/h2>\t\t\t\t<\/div>\n\t\t\t\t<div class=\"elementor-element elementor-element-1d8ca7c elementor-widget elementor-widget-text-editor\" data-id=\"1d8ca7c\" data-element_type=\"widget\" data-widget_type=\"text-editor.default\">\n\t\t\t\t\t\t\t\t\t<p>Le MCCP-RDC op\u00e8re sous la personnalit\u00e9 juridique du CARSOC, dans le cadre du Projet RDC 2028+. <span style=\"font-weight: 400;\">Il pourra acqu\u00e9rir une personnalit\u00e9 juridique propre selon les n\u00e9cessit\u00e9s<\/span><span style=\"font-weight: 400;\">.<\/span><\/p><p>Le bureau de gestion du projet :<\/p><ul><li>Implante et op\u00e9rationnalise les groupes locaux du MCCP-RDC (au Congo et dans la diaspora).<\/li><li>Appuie <span style=\"font-weight: 400;\">le renforcement de leurs capacit\u00e9s <\/span>et leur autonomisation.<\/li><li>Chaque groupe local dispose de sa propre structure de gestion et fonctionne en r\u00e9seau au niveau local, urbain, provincial et national, dans un esprit de coordination et de solidarit\u00e9.<\/li><\/ul><p><span style=\"font-weight: 400;\">Les groupes locaux respectifs du MCCP-RDC se gouvernent chacun de fa\u00e7on autonome, mais ils travaillent tous en r\u00e9seau au niveau local, urbain, provincial et national dans un esprit de coordination et de solidarit\u00e9 pour accro\u00eetre leur capacit\u00e9 d\u2019action dans l\u2019espace public<\/span><span style=\"font-weight: 400;\">.<\/span><\/p>\t\t\t\t\t\t\t\t<\/div>\n\t\t\t\t<\/div>\n\t\t\t\t<\/div>\n\t\t\t\t<\/div>\n\t\t\t\t\t<\/div>\n\t\t\t\t<\/div>\n\t\t<div class=\"elementor-element elementor-element-56a409d9 e-flex e-con-boxed e-con e-parent\" data-id=\"56a409d9\" data-element_type=\"container\" data-settings=\"{&quot;background_background&quot;:&quot;classic&quot;}\">\n\t\t\t\t\t<div class=\"e-con-inner\">\n\t\t<div class=\"elementor-element elementor-element-4c2fce44 e-con-full e-flex elementor-invisible e-con e-child\" data-id=\"4c2fce44\" data-element_type=\"container\" data-settings=\"{&quot;animation&quot;:&quot;fadeInUp&quot;}\">\n\t\t\t\t<div class=\"elementor-element elementor-element-6e1b0e8c elementor-widget__width-inherit elementor-widget elementor-widget-heading\" data-id=\"6e1b0e8c\" data-element_type=\"widget\" data-widget_type=\"heading.default\">\n\t\t\t\t\t<h2 class=\"elementor-heading-title elementor-size-default\">Objectifs et Actions strat\u00e9giques<\/h2>\t\t\t\t<\/div>\n\t\t\t\t<\/div>\n\t\t<div class=\"elementor-element elementor-element-32156403 e-grid e-con-boxed e-con e-child\" data-id=\"32156403\" data-element_type=\"container\">\n\t\t\t\t\t<div class=\"e-con-inner\">\n\t\t<div class=\"elementor-element elementor-element-492302b6 e-con-full e-flex elementor-invisible e-con e-child\" data-id=\"492302b6\" data-element_type=\"container\" data-settings=\"{&quot;background_background&quot;:&quot;classic&quot;,&quot;animation&quot;:&quot;fadeInUp&quot;,&quot;animation_delay&quot;:100}\">\n\t\t<div class=\"elementor-element elementor-element-499b2ab8 e-con-full e-flex e-con e-child\" data-id=\"499b2ab8\" data-element_type=\"container\">\n\t\t\t\t<div class=\"elementor-element elementor-element-4322e403 elementor-widget elementor-widget-heading\" data-id=\"4322e403\" data-element_type=\"widget\" data-widget_type=\"heading.default\">\n\t\t\t\t\t<h3 class=\"elementor-heading-title elementor-size-default\">Agir comme un puissant groupe de pression citoyenne.<\/h3>\t\t\t\t<\/div>\n\t\t\t\t<div class=\"elementor-element elementor-element-2cb09b7b elementor-widget-divider--view-line elementor-widget elementor-widget-divider\" data-id=\"2cb09b7b\" data-element_type=\"widget\" data-widget_type=\"divider.default\">\n\t\t\t\t\t\t\t<div class=\"elementor-divider\">\n\t\t\t<span class=\"elementor-divider-separator\">\n\t\t\t\t\t\t<\/span>\n\t\t<\/div>\n\t\t\t\t\t\t<\/div>\n\t\t\t\t<div class=\"elementor-element elementor-element-5f2d0635 elementor-widget elementor-widget-text-editor\" data-id=\"5f2d0635\" data-element_type=\"widget\" data-widget_type=\"text-editor.default\">\n\t\t\t\t\t\t\t\t\t<p>Il mobilise la soci\u00e9t\u00e9 civile pour promouvoir la <strong data-start=\"184\" data-end=\"243\">transparence, la responsabilit\u00e9 et la bonne gouvernance<\/strong>.<br data-start=\"244\" data-end=\"247\" \/>Son objectif est de <strong data-start=\"267\" data-end=\"303\">rendre les dirigeants redevables<\/strong> et d\u2019ancrer la d\u00e9mocratie participative au c\u0153ur du Congo.<\/p>\t\t\t\t\t\t\t\t<\/div>\n\t\t\t\t<\/div>\n\t\t\t\t<\/div>\n\t\t<div class=\"elementor-element elementor-element-496e9cb9 e-con-full e-flex elementor-invisible e-con e-child\" data-id=\"496e9cb9\" data-element_type=\"container\" data-settings=\"{&quot;background_background&quot;:&quot;classic&quot;,&quot;animation&quot;:&quot;fadeInUp&quot;,&quot;animation_delay&quot;:200}\">\n\t\t<div class=\"elementor-element elementor-element-16f04b7c e-con-full e-flex e-con e-child\" data-id=\"16f04b7c\" data-element_type=\"container\">\n\t\t\t\t<div class=\"elementor-element elementor-element-171e3435 elementor-widget elementor-widget-heading\" data-id=\"171e3435\" data-element_type=\"widget\" data-widget_type=\"heading.default\">\n\t\t\t\t\t<h3 class=\"elementor-heading-title elementor-size-default\">D\u00e9velopper des soci\u00e9t\u00e9s civiles locales dans tout le pays.<\/h3>\t\t\t\t<\/div>\n\t\t\t\t<div class=\"elementor-element elementor-element-644f7fee elementor-widget-divider--view-line elementor-widget elementor-widget-divider\" data-id=\"644f7fee\" data-element_type=\"widget\" data-widget_type=\"divider.default\">\n\t\t\t\t\t\t\t<div class=\"elementor-divider\">\n\t\t\t<span class=\"elementor-divider-separator\">\n\t\t\t\t\t\t<\/span>\n\t\t<\/div>\n\t\t\t\t\t\t<\/div>\n\t\t\t\t<div class=\"elementor-element elementor-element-1268c695 elementor-widget elementor-widget-text-editor\" data-id=\"1268c695\" data-element_type=\"widget\" data-widget_type=\"text-editor.default\">\n\t\t\t\t\t\t\t\t\t<p>Les groupes locaux du MCCP-RDC, implant\u00e9s dans chaque paroisse ou territoire, deviendront des centres d\u2019\u00e9ducation civique et \u00e9lectorale, renfor\u00e7ant la mobilisation des citoyens.<\/p>\t\t\t\t\t\t\t\t<\/div>\n\t\t\t\t<\/div>\n\t\t\t\t<\/div>\n\t\t<div class=\"elementor-element elementor-element-1e851b50 e-con-full e-flex elementor-invisible e-con e-child\" data-id=\"1e851b50\" data-element_type=\"container\" data-settings=\"{&quot;background_background&quot;:&quot;classic&quot;,&quot;animation&quot;:&quot;fadeInUp&quot;,&quot;animation_delay&quot;:300}\">\n\t\t<div class=\"elementor-element elementor-element-2c7231aa e-con-full e-flex e-con e-child\" data-id=\"2c7231aa\" data-element_type=\"container\">\n\t\t\t\t<div class=\"elementor-element elementor-element-232eefbc elementor-widget elementor-widget-heading\" data-id=\"232eefbc\" data-element_type=\"widget\" data-widget_type=\"heading.default\">\n\t\t\t\t\t<h3 class=\"elementor-heading-title elementor-size-default\">Prot\u00e9ger la Constitution et garantir l\u2019int\u00e9grit\u00e9 \u00e9lectorale (2028+).<\/h3>\t\t\t\t<\/div>\n\t\t\t\t<div class=\"elementor-element elementor-element-1a71f618 elementor-widget-divider--view-line elementor-widget elementor-widget-divider\" data-id=\"1a71f618\" data-element_type=\"widget\" data-widget_type=\"divider.default\">\n\t\t\t\t\t\t\t<div class=\"elementor-divider\">\n\t\t\t<span class=\"elementor-divider-separator\">\n\t\t\t\t\t\t<\/span>\n\t\t<\/div>\n\t\t\t\t\t\t<\/div>\n\t\t\t\t<div class=\"elementor-element elementor-element-2efb79a4 elementor-widget elementor-widget-text-editor\" data-id=\"2efb79a4\" data-element_type=\"widget\" data-widget_type=\"text-editor.default\">\n\t\t\t\t\t\t\t\t\t<p><span style=\"font-weight: 400;\">Les groupes locaux du MCCP-RDC<\/span> se dresseront contre tout changement r\u00e9trograde de la Constitution de 2006 et assureront une vigilance d\u00e9mocratique avant, pendant et apr\u00e8s les \u00e9lections.<\/p>\t\t\t\t\t\t\t\t<\/div>\n\t\t\t\t<\/div>\n\t\t\t\t<\/div>\n\t\t<div class=\"elementor-element elementor-element-1a0f7581 e-con-full e-flex elementor-invisible e-con e-child\" data-id=\"1a0f7581\" data-element_type=\"container\" data-settings=\"{&quot;background_background&quot;:&quot;classic&quot;,&quot;animation&quot;:&quot;fadeInUp&quot;,&quot;animation_delay&quot;:100}\">\n\t\t<div class=\"elementor-element elementor-element-6b55999e e-con-full e-flex e-con e-child\" data-id=\"6b55999e\" data-element_type=\"container\">\n\t\t\t\t<div class=\"elementor-element elementor-element-10b173a1 elementor-widget elementor-widget-heading\" data-id=\"10b173a1\" data-element_type=\"widget\" data-widget_type=\"heading.default\">\n\t\t\t\t\t<h2 class=\"elementor-heading-title elementor-size-default\">Changer la classe politique congolaise.<\/h2>\t\t\t\t<\/div>\n\t\t\t\t<div class=\"elementor-element elementor-element-714cc46d elementor-widget-divider--view-line elementor-widget elementor-widget-divider\" data-id=\"714cc46d\" data-element_type=\"widget\" data-widget_type=\"divider.default\">\n\t\t\t\t\t\t\t<div class=\"elementor-divider\">\n\t\t\t<span class=\"elementor-divider-separator\">\n\t\t\t\t\t\t<\/span>\n\t\t<\/div>\n\t\t\t\t\t\t<\/div>\n\t\t\t\t<div class=\"elementor-element elementor-element-442d9ae5 elementor-widget elementor-widget-text-editor\" data-id=\"442d9ae5\" data-element_type=\"widget\" data-widget_type=\"text-editor.default\">\n\t\t\t\t\t\t\t\t\t<p><span style=\"font-weight: 400;\">\u00a0<\/span><span style=\"font-weight: 400;\">Les groupes locaux du MCCP-RDC<\/span> formeront les \u00e9lecteurs \u00e0 identifier, imposer et soutenir des candidats int\u00e8gres, capables de servir l\u2019int\u00e9r\u00eat public.<\/p><p>Ils surveilleront le processus \u00e9lectoral et d\u00e9fendront la v\u00e9rit\u00e9 des urnes.<\/p>\t\t\t\t\t\t\t\t<\/div>\n\t\t\t\t<\/div>\n\t\t\t\t<\/div>\n\t\t\t\t\t<\/div>\n\t\t\t\t<\/div>\n\t\t\t\t\t<\/div>\n\t\t\t\t<\/div>\n\t\t<div class=\"elementor-element elementor-element-33606880 e-flex e-con-boxed e-con e-parent\" data-id=\"33606880\" data-element_type=\"container\" data-settings=\"{&quot;background_background&quot;:&quot;classic&quot;}\">\n\t\t\t\t\t<div class=\"e-con-inner\">\n\t\t<div class=\"elementor-element elementor-element-2ab74676 e-con-full e-flex elementor-invisible e-con e-child\" data-id=\"2ab74676\" data-element_type=\"container\" data-settings=\"{&quot;background_background&quot;:&quot;classic&quot;,&quot;animation&quot;:&quot;fadeInUp&quot;}\">\n\t\t\t\t<\/div>\n\t\t<div class=\"elementor-element elementor-element-feb50ce e-con-full e-flex elementor-invisible e-con e-child\" data-id=\"feb50ce\" data-element_type=\"container\" data-settings=\"{&quot;animation&quot;:&quot;fadeInUp&quot;,&quot;animation_delay&quot;:100}\">\n\t\t\t\t<div class=\"elementor-element elementor-element-510c3822 elementor-widget elementor-widget-heading\" data-id=\"510c3822\" data-element_type=\"widget\" data-widget_type=\"heading.default\">\n\t\t\t\t\t<h2 class=\"elementor-heading-title elementor-size-default\">FAQ<\/h2>\t\t\t\t<\/div>\n\t\t\t\t<div class=\"elementor-element elementor-element-7f5abad0 elementor-widget elementor-widget-heading\" data-id=\"7f5abad0\" data-element_type=\"widget\" data-widget_type=\"heading.default\">\n\t\t\t\t\t<h2 class=\"elementor-heading-title elementor-size-default\">Vous vous poser des questions ?<\/h2>\t\t\t\t<\/div>\n\t\t<div class=\"elementor-element elementor-element-343a064f e-con-full e-flex elementor-invisible e-con e-child\" data-id=\"343a064f\" data-element_type=\"container\" data-settings=\"{&quot;animation&quot;:&quot;fadeInUp&quot;,&quot;animation_delay&quot;:200}\">\n\t\t\t\t<div class=\"elementor-element elementor-element-a4ae84 elementor-widget elementor-widget-elementskit-accordion\" data-id=\"a4ae84\" data-element_type=\"widget\" data-widget_type=\"elementskit-accordion.default\">\n\t\t\t\t\t<div class=\"ekit-wid-con\" >\n        <div class=\"elementskit-accordion accoedion-primary\" id=\"accordion-69f2bd3991719\">\n\n            \n                <div class=\"elementskit-card\">\n                    <div class=\"elementskit-card-header\" id=\"primaryHeading-0-a4ae84\">\n                        <a href=\"#collapse-f2301cb69f2bd3991719\" class=\"ekit-accordion--toggler elementskit-btn-link collapsed\" data-ekit-toggle=\"collapse\" data-target=\"#Collapse-f2301cb69f2bd3991719\" aria-expanded=\"false\" aria-controls=\"Collapse-f2301cb69f2bd3991719\">\n                            \n                            <span class=\"ekit-accordion-title\">Qui compose le MCCP-RDC ?<\/span>\n\n                            \n                                <div class=\"ekit_accordion_icon_group\">\n                                    <div class=\"ekit_accordion_normal_icon\">\n                                        <!-- Normal Icon -->\n\t\t\t\t\t\t\t\t\t\t<i class=\"icon icon-plus\"><\/i>                                    <\/div>\n\n                                    <div class=\"ekit_accordion_active_icon\">\n                                        <!-- Active Icon -->\n\t\t\t\t\t\t\t\t\t\t<i class=\"icon icon-cross\"><\/i>                                    <\/div>\n                                <\/div>\n\n                            \n                                                    <\/a>\n                    <\/div>\n\n                    <div id=\"Collapse-f2301cb69f2bd3991719\" class=\"collapse\" aria-labelledby=\"primaryHeading-0-a4ae84\" data-parent=\"#accordion-69f2bd3991719\">\n\n                        <div class=\"elementskit-card-body ekit-accordion--content\">\n                            <p><span style=\"font-weight: 400\">Le MCCP - RDC se compose d\u2019un ensemble de r\u00e9seaux informels d\u2019organisations et d\u2019acteurs congolais que les groupes locaux du MCCP-RDC mobiliseront \u00e0 la fois au Congo et dans la diaspora<\/span><span style=\"font-weight: 400\">.<\/span><\/p>                        <\/div>\n\n                    <\/div>\n\n                <\/div><!-- .elementskit-card END -->\n\n                \n                <div class=\"elementskit-card\">\n                    <div class=\"elementskit-card-header\" id=\"primaryHeading-1-a4ae84\">\n                        <a href=\"#collapse-68ccdef69f2bd3991719\" class=\"ekit-accordion--toggler elementskit-btn-link collapsed\" data-ekit-toggle=\"collapse\" data-target=\"#Collapse-68ccdef69f2bd3991719\" aria-expanded=\"false\" aria-controls=\"Collapse-68ccdef69f2bd3991719\">\n                            \n                            <span class=\"ekit-accordion-title\"> Pourquoi le MCCP-RDC est-il un mouvement social?<\/span>\n\n                            \n                                <div class=\"ekit_accordion_icon_group\">\n                                    <div class=\"ekit_accordion_normal_icon\">\n                                        <!-- Normal Icon -->\n\t\t\t\t\t\t\t\t\t\t<i class=\"icon icon-plus\"><\/i>                                    <\/div>\n\n                                    <div class=\"ekit_accordion_active_icon\">\n                                        <!-- Active Icon -->\n\t\t\t\t\t\t\t\t\t\t<i class=\"icon icon-cross\"><\/i>                                    <\/div>\n                                <\/div>\n\n                            \n                                                    <\/a>\n                    <\/div>\n\n                    <div id=\"Collapse-68ccdef69f2bd3991719\" class=\"collapse\" aria-labelledby=\"primaryHeading-1-a4ae84\" data-parent=\"#accordion-69f2bd3991719\">\n\n                        <div class=\"elementskit-card-body ekit-accordion--content\">\n                            <p><span style=\"font-weight: 400\">D'abord partant de sa composition : le MCCP-RDC n\u2019est pas une organisation classique, mais un r\u00e9seau d\u2019organisations et d\u2019individus. Ensuite, ce r\u00e9seau se d\u00e9ploie pour renforcer et g\u00e9n\u00e9raliser une conscience collective d\u2019objectifs communs. Enfin, il travaille surtout \u00e0 produire un mouvement social, c\u2019est-\u00e0-dire une action collective pour promouvoir des changements sociaux et politiques au Congo<\/span><span style=\"font-weight: 400\">.\u201d<\/span><\/p>                        <\/div>\n\n                    <\/div>\n\n                <\/div><!-- .elementskit-card END -->\n\n                \n                <div class=\"elementskit-card\">\n                    <div class=\"elementskit-card-header\" id=\"primaryHeading-2-a4ae84\">\n                        <a href=\"#collapse-9ac536069f2bd3991719\" class=\"ekit-accordion--toggler elementskit-btn-link collapsed\" data-ekit-toggle=\"collapse\" data-target=\"#Collapse-9ac536069f2bd3991719\" aria-expanded=\"false\" aria-controls=\"Collapse-9ac536069f2bd3991719\">\n                            \n                            <span class=\"ekit-accordion-title\">Quel est le lien entre Projet RDC 2028+ et MCCP-RDC?<\/span>\n\n                            \n                                <div class=\"ekit_accordion_icon_group\">\n                                    <div class=\"ekit_accordion_normal_icon\">\n                                        <!-- Normal Icon -->\n\t\t\t\t\t\t\t\t\t\t<i class=\"icon icon-plus\"><\/i>                                    <\/div>\n\n                                    <div class=\"ekit_accordion_active_icon\">\n                                        <!-- Active Icon -->\n\t\t\t\t\t\t\t\t\t\t<i class=\"icon icon-cross\"><\/i>                                    <\/div>\n                                <\/div>\n\n                            \n                                                    <\/a>\n                    <\/div>\n\n                    <div id=\"Collapse-9ac536069f2bd3991719\" class=\"collapse\" aria-labelledby=\"primaryHeading-2-a4ae84\" data-parent=\"#accordion-69f2bd3991719\">\n\n                        <div class=\"elementskit-card-body ekit-accordion--content\">\n                            <p><span style=\"font-weight: 400\">Le MCCP - RDC est promu par le Projet RDC 2028+ pour servir de cadre d\u2019actions concr\u00e8tes qui permettront de r\u00e9aliser la r\u00e9volution d\u00e9mocratique \u00e0 travers les \u00e9lections de 2028+.<\/span><\/p>                        <\/div>\n\n                    <\/div>\n\n                <\/div><!-- .elementskit-card END -->\n\n                \n                <div class=\"elementskit-card\">\n                    <div class=\"elementskit-card-header\" id=\"primaryHeading-3-a4ae84\">\n                        <a href=\"#collapse-dda4ea469f2bd3991719\" class=\"ekit-accordion--toggler elementskit-btn-link collapsed\" data-ekit-toggle=\"collapse\" data-target=\"#Collapse-dda4ea469f2bd3991719\" aria-expanded=\"false\" aria-controls=\"Collapse-dda4ea469f2bd3991719\">\n                            \n                            <span class=\"ekit-accordion-title\">En quoi consistera la r\u00e9volution d\u00e9mocratique? <\/span>\n\n                            \n                                <div class=\"ekit_accordion_icon_group\">\n                                    <div class=\"ekit_accordion_normal_icon\">\n                                        <!-- Normal Icon -->\n\t\t\t\t\t\t\t\t\t\t<i class=\"icon icon-plus\"><\/i>                                    <\/div>\n\n                                    <div class=\"ekit_accordion_active_icon\">\n                                        <!-- Active Icon -->\n\t\t\t\t\t\t\t\t\t\t<i class=\"icon icon-cross\"><\/i>                                    <\/div>\n                                <\/div>\n\n                            \n                                                    <\/a>\n                    <\/div>\n\n                    <div id=\"Collapse-dda4ea469f2bd3991719\" class=\"collapse\" aria-labelledby=\"primaryHeading-3-a4ae84\" data-parent=\"#accordion-69f2bd3991719\">\n\n                        <div class=\"elementskit-card-body ekit-accordion--content\">\n                            <p><span style=\"font-weight: 400\">La r\u00e9volution d\u00e9mocratique va consister \u00e0 changer toute la classe politique actuelle en faisant \u00e9lire aux prochaines \u00e9lections seulement des candidats qui n\u2019ont jamais exerc\u00e9 des fonctions politiques au Congo<\/span><\/p>                        <\/div>\n\n                    <\/div>\n\n                <\/div><!-- .elementskit-card END -->\n\n                \n                <div class=\"elementskit-card\">\n                    <div class=\"elementskit-card-header\" id=\"primaryHeading-4-a4ae84\">\n                        <a href=\"#collapse-2f4630c69f2bd3991719\" class=\"ekit-accordion--toggler elementskit-btn-link collapsed\" data-ekit-toggle=\"collapse\" data-target=\"#Collapse-2f4630c69f2bd3991719\" aria-expanded=\"false\" aria-controls=\"Collapse-2f4630c69f2bd3991719\">\n                            \n                            <span class=\"ekit-accordion-title\">Pourquoi est-ce n\u00e9cessaire de changer la classe politique ?<\/span>\n\n                            \n                                <div class=\"ekit_accordion_icon_group\">\n                                    <div class=\"ekit_accordion_normal_icon\">\n                                        <!-- Normal Icon -->\n\t\t\t\t\t\t\t\t\t\t<i class=\"icon icon-plus\"><\/i>                                    <\/div>\n\n                                    <div class=\"ekit_accordion_active_icon\">\n                                        <!-- Active Icon -->\n\t\t\t\t\t\t\t\t\t\t<i class=\"icon icon-cross\"><\/i>                                    <\/div>\n                                <\/div>\n\n                            \n                                                    <\/a>\n                    <\/div>\n\n                    <div id=\"Collapse-2f4630c69f2bd3991719\" class=\"collapse\" aria-labelledby=\"primaryHeading-4-a4ae84\" data-parent=\"#accordion-69f2bd3991719\">\n\n                        <div class=\"elementskit-card-body ekit-accordion--content\">\n                            <p><span style=\"font-weight: 400\">C\u2019est n\u00e9cessaire parce que non seulement il faut chasser la classe politique actuelle qui a largement d\u00e9\u00e7u, mais aussi et surtout parce que cela va r\u00e9tablir\u00a0 le peuple congolais dans son r\u00f4le de souverain primaire et faire peur aux nouveaux \u00e9lus de 2028+ qu\u2019ils pourraient subir le m\u00eame sort s\u2019ils ne sont pas performants.<\/span><\/p>                        <\/div>\n\n                    <\/div>\n\n                <\/div><!-- .elementskit-card END -->\n\n                \n                <div class=\"elementskit-card\">\n                    <div class=\"elementskit-card-header\" id=\"primaryHeading-5-a4ae84\">\n                        <a href=\"#collapse-89887bc69f2bd3991719\" class=\"ekit-accordion--toggler elementskit-btn-link collapsed\" data-ekit-toggle=\"collapse\" data-target=\"#Collapse-89887bc69f2bd3991719\" aria-expanded=\"false\" aria-controls=\"Collapse-89887bc69f2bd3991719\">\n                            \n                            <span class=\"ekit-accordion-title\">Comment ce r\u00e9sultat pourrait-il \u00eatre obtenu?<\/span>\n\n                            \n                                <div class=\"ekit_accordion_icon_group\">\n                                    <div class=\"ekit_accordion_normal_icon\">\n                                        <!-- Normal Icon -->\n\t\t\t\t\t\t\t\t\t\t<i class=\"icon icon-plus\"><\/i>                                    <\/div>\n\n                                    <div class=\"ekit_accordion_active_icon\">\n                                        <!-- Active Icon -->\n\t\t\t\t\t\t\t\t\t\t<i class=\"icon icon-cross\"><\/i>                                    <\/div>\n                                <\/div>\n\n                            \n                                                    <\/a>\n                    <\/div>\n\n                    <div id=\"Collapse-89887bc69f2bd3991719\" class=\"collapse\" aria-labelledby=\"primaryHeading-5-a4ae84\" data-parent=\"#accordion-69f2bd3991719\">\n\n                        <div class=\"elementskit-card-body ekit-accordion--content\">\n                            <p><span style=\"font-weight: 400\">\u00a0<\/span><span style=\"font-weight: 400\">En pr\u00e9parant progressivement le peuple congolais jusqu\u2019\u00e0 la tenue effective des \u00e9lections (2028+) \u00e0 travers des strat\u00e9gies bien r\u00e9fl\u00e9chies; en travaillant \u00e0 conqu\u00e9rir des \u00e9lections cr\u00e9dibles; en d\u00e9fendant vigoureusement la v\u00e9rit\u00e9 des urnes; etc. Tel est le travail assign\u00e9 au MCCP-RDC et qui invite la participation de tous les congolais\u00a0 (individus et organisations).<\/span><\/p>                        <\/div>\n\n                    <\/div>\n\n                <\/div><!-- .elementskit-card END -->\n\n                \n                <div class=\"elementskit-card\">\n                    <div class=\"elementskit-card-header\" id=\"primaryHeading-6-a4ae84\">\n                        <a href=\"#collapse-001861369f2bd3991719\" class=\"ekit-accordion--toggler elementskit-btn-link collapsed\" data-ekit-toggle=\"collapse\" data-target=\"#Collapse-001861369f2bd3991719\" aria-expanded=\"false\" aria-controls=\"Collapse-001861369f2bd3991719\">\n                            \n                            <span class=\"ekit-accordion-title\"> Pourquoi 2028+ ?<\/span>\n\n                            \n                                <div class=\"ekit_accordion_icon_group\">\n                                    <div class=\"ekit_accordion_normal_icon\">\n                                        <!-- Normal Icon -->\n\t\t\t\t\t\t\t\t\t\t<i class=\"icon icon-plus\"><\/i>                                    <\/div>\n\n                                    <div class=\"ekit_accordion_active_icon\">\n                                        <!-- Active Icon -->\n\t\t\t\t\t\t\t\t\t\t<i class=\"icon icon-cross\"><\/i>                                    <\/div>\n                                <\/div>\n\n                            \n                                                    <\/a>\n                    <\/div>\n\n                    <div id=\"Collapse-001861369f2bd3991719\" class=\"collapse\" aria-labelledby=\"primaryHeading-6-a4ae84\" data-parent=\"#accordion-69f2bd3991719\">\n\n                        <div class=\"elementskit-card-body ekit-accordion--content\">\n                            <p><span style=\"font-weight: 400\"> Parce que les \u00e9lections pourraient ne pas se tenir en 2028 mais apr\u00e8s. Cons\u00e9cutivement, les actions du Projet et du MCCP-RDC devraient se poursuivre au-del\u00e0 de 2028.<\/span><\/p>                        <\/div>\n\n                    <\/div>\n\n                <\/div><!-- .elementskit-card END -->\n\n                                        <\/div>\n    <\/div>\t\t\t\t<\/div>\n\t\t\t\t<\/div>\n\t\t\t\t<\/div>\n\t\t\t\t\t<\/div>\n\t\t\t\t<\/div>\n\t\t<div class=\"elementor-element elementor-element-dcf6fb3 e-flex e-con-boxed e-con e-parent\" data-id=\"dcf6fb3\" data-element_type=\"container\" data-settings=\"{&quot;background_background&quot;:&quot;classic&quot;}\">\n\t\t\t\t\t<div class=\"e-con-inner\">\n\t\t<div class=\"elementor-element elementor-element-3694407d e-con-full e-flex e-con e-child\" data-id=\"3694407d\" data-element_type=\"container\" data-settings=\"{&quot;background_background&quot;:&quot;classic&quot;}\">\n\t\t<div class=\"elementor-element elementor-element-2dba6f38 e-con-full e-flex elementor-invisible e-con e-child\" data-id=\"2dba6f38\" data-element_type=\"container\" data-settings=\"{&quot;background_background&quot;:&quot;classic&quot;,&quot;animation&quot;:&quot;fadeInUp&quot;,&quot;animation_delay&quot;:400}\">\n\t\t\t\t<\/div>\n\t\t<div class=\"elementor-element elementor-element-45e74643 e-con-full e-flex elementor-invisible e-con e-child\" data-id=\"45e74643\" data-element_type=\"container\" data-settings=\"{&quot;background_background&quot;:&quot;classic&quot;,&quot;animation&quot;:&quot;fadeInUp&quot;}\">\n\t\t<div class=\"elementor-element elementor-element-417ff8a7 e-con-full e-flex elementor-invisible e-con e-child\" data-id=\"417ff8a7\" data-element_type=\"container\" data-settings=\"{&quot;animation&quot;:&quot;fadeInUp&quot;,&quot;animation_delay&quot;:100}\">\n\t\t\t\t<div class=\"elementor-element elementor-element-6fcf730a elementor-widget elementor-widget-heading\" data-id=\"6fcf730a\" data-element_type=\"widget\" data-widget_type=\"heading.default\">\n\t\t\t\t\t<h1 class=\"elementor-heading-title elementor-size-default\">Rejoignez-nous !<\/h1>\t\t\t\t<\/div>\n\t\t\t\t<\/div>\n\t\t\t\t<div class=\"elementor-element elementor-element-77128c93 elementor-invisible elementor-widget elementor-widget-text-editor\" data-id=\"77128c93\" data-element_type=\"widget\" data-settings=\"{&quot;_animation&quot;:&quot;fadeInUp&quot;,&quot;_animation_delay&quot;:200}\" data-widget_type=\"text-editor.default\">\n\t\t\t\t\t\t\t\t\t<p>Le MCCP-RDC n\u2019est pas un mouvement politique, mais une conscience citoyenne en action.<\/p><p>Il appelle tous les Congolais du pays et de la diaspora \u00e0 s\u2019unir pour changer la classe politique <span style=\"font-weight: 400;\">et reconstruire la d\u00e9mocratie et la bonne gouvernance \u00e9tatique, \u00e9conomique et sociale<\/span><span style=\"font-weight: 400;\">.<\/span><\/p><p>En adh\u00e9rant au MCCP-RDC, vous devenez acteur du changement, pas simple spectateur.<\/p><p>Le mouvement fonctionne gr\u00e2ce \u00e0 l\u2019engagement moral et financier de ses membres et partenaires.<\/p><p>Les Congolais, ainsi que les amis du Congo, sont invit\u00e9s \u00e0 soutenir cette initiative par leurs contributions volontaires.<\/p>\t\t\t\t\t\t\t\t<\/div>\n\t\t\t\t<\/div>\n\t\t<div class=\"elementor-element elementor-element-7606be11 e-con-full e-flex elementor-invisible e-con e-child\" data-id=\"7606be11\" data-element_type=\"container\" data-settings=\"{&quot;background_background&quot;:&quot;classic&quot;,&quot;animation&quot;:&quot;fadeInUp&quot;,&quot;animation_delay&quot;:500}\">\n\t\t\t\t<\/div>\n\t\t\t\t<\/div>\n\t\t\t\t\t<\/div>\n\t\t\t\t<\/div>\n\t\t\t\t<\/div>","protected":false},"excerpt":{"rendered":"<p>Mouvement pour changer la classe politique, reconstruire et d\u00e9mocratiser le Congo Projet R\u00e9volution D\u00e9mocratique au Congo en 2028+ (Projet RDC 2028+) Un mouvement social pour renforcer la conscience et la mobilisation des Congolais au pays et dans la diaspora autour des objectifs communs : changer la classe politique, reconstruire et d\u00e9mocratiser le Congo ADH\u00c9RER SOUTENIR [&hellip;]<\/p>","protected":false},"author":1,"featured_media":0,"parent":0,"menu_order":0,"comment_status":"closed","ping_status":"closed","template":"elementor_header_footer","meta":{"give_campaign_id":0,"footnotes":""},"class_list":["post-16","page","type-page","status-publish","hentry"],"campaignId":"","_links":{"self":[{"href":"https:\/\/mccp-rdc.org\/en\/wp-json\/wp\/v2\/pages\/16","targetHints":{"allow":["GET"]}}],"collection":[{"href":"https:\/\/mccp-rdc.org\/en\/wp-json\/wp\/v2\/pages"}],"about":[{"href":"https:\/\/mccp-rdc.org\/en\/wp-json\/wp\/v2\/types\/page"}],"author":[{"embeddable":true,"href":"https:\/\/mccp-rdc.org\/en\/wp-json\/wp\/v2\/users\/1"}],"replies":[{"embeddable":true,"href":"https:\/\/mccp-rdc.org\/en\/wp-json\/wp\/v2\/comments?post=16"}],"version-history":[{"count":253,"href":"https:\/\/mccp-rdc.org\/en\/wp-json\/wp\/v2\/pages\/16\/revisions"}],"predecessor-version":[{"id":702,"href":"https:\/\/mccp-rdc.org\/en\/wp-json\/wp\/v2\/pages\/16\/revisions\/702"}],"wp:attachment":[{"href":"https:\/\/mccp-rdc.org\/en\/wp-json\/wp\/v2\/media?parent=16"}],"curies":[{"name":"wp","href":"https:\/\/api.w.org\/{rel}","templated":true}]}}